{"id":9183,"date":"2026-07-20T10:22:34","date_gmt":"2026-07-20T08:22:34","guid":{"rendered":"https:\/\/tonivinils.predev.eu\/?p=9183"},"modified":"2026-08-19T07:13:54","modified_gmt":"2026-08-19T05:13:54","slug":"serveis","status":"publish","type":"page","link":"https:\/\/tonivinils.predev.eu\/es\/serveis\/","title":{"rendered":"Servicios"},"content":{"rendered":"\t\t<div data-elementor-type=\"wp-page\" data-elementor-id=\"9183\" class=\"elementor elementor-9183 elementor-8297\">\n\t\t\t\t\t\t<section class=\"elementor-section elementor-top-section elementor-element elementor-element-85928fe elementor-section-boxed elementor-section-height-default elementor-section-height-default qodef-elementor-content-no\" data-id=\"85928fe\" data-element_type=\"section\" data-e-type=\"section\">\n\t\t\t\t\t\t<div class=\"elementor-container elementor-column-gap-default\">\n\t\t\t\t\t<div class=\"elementor-column elementor-col-100 elementor-top-column elementor-element elementor-element-1c74cf8\" data-id=\"1c74cf8\" data-element_type=\"column\" data-e-type=\"column\">\n\t\t\t<div class=\"elementor-widget-wrap elementor-element-populated\">\n\t\t\t\t\t\t<div class=\"elementor-element elementor-element-a423761 elementor-widget elementor-widget-vokial_core_portfolio_list\" data-id=\"a423761\" data-element_type=\"widget\" data-e-type=\"widget\" data-widget_type=\"vokial_core_portfolio_list.default\">\n\t\t\t\t<div class=\"elementor-widget-container\">\n\t\t\t\t\t<div class=\"qodef-shortcode qodef-m qodef-portfolio-list qodef-item-layout--info-on-hover qodef-grid qodef-layout--columns qodef-gutter--normal qodef-col-num--4 qodef-item-layout--info-on-hover qodef--no-bottom-space qodef-pagination--off qodef-responsive--predefined qodef-hover-animation--fade-in\" data-options=\"{&quot;plugin&quot;:&quot;vokial_core&quot;,&quot;module&quot;:&quot;post-types\\\/portfolio\\\/shortcodes&quot;,&quot;shortcode&quot;:&quot;portfolio-list&quot;,&quot;post_type&quot;:&quot;portfolio-item&quot;,&quot;next_page&quot;:&quot;2&quot;,&quot;max_pages_num&quot;:0,&quot;behavior&quot;:&quot;columns&quot;,&quot;images_proportion&quot;:&quot;full&quot;,&quot;columns&quot;:&quot;4&quot;,&quot;columns_responsive&quot;:&quot;predefined&quot;,&quot;columns_1440&quot;:&quot;3&quot;,&quot;columns_1366&quot;:&quot;3&quot;,&quot;columns_1024&quot;:&quot;3&quot;,&quot;columns_768&quot;:&quot;3&quot;,&quot;columns_680&quot;:&quot;3&quot;,&quot;columns_480&quot;:&quot;3&quot;,&quot;space&quot;:&quot;normal&quot;,&quot;posts_per_page&quot;:&quot;-1&quot;,&quot;orderby&quot;:&quot;date&quot;,&quot;order&quot;:&quot;ASC&quot;,&quot;additional_params&quot;:&quot;tax&quot;,&quot;tax&quot;:&quot;portfolio-category&quot;,&quot;layout&quot;:&quot;info-on-hover&quot;,&quot;hover_animation_info-follow&quot;:&quot;follow&quot;,&quot;hover_animation_info-on-hover&quot;:&quot;fade-in&quot;,&quot;title_tag&quot;:&quot;h4&quot;,&quot;custom_padding&quot;:&quot;no&quot;,&quot;featured_images_only&quot;:&quot;no&quot;,&quot;pagination_type&quot;:&quot;no-pagination&quot;,&quot;object_class_name&quot;:&quot;VokialCorePortfolioListShortcode&quot;,&quot;taxonomy_filter&quot;:&quot;portfolio-category&quot;,&quot;additional_query_args&quot;:[],&quot;space_value&quot;:15}\">\n\t\t<div class=\"qodef-grid-inner clear\">\n\t\t<article class=\"qodef-e qodef-grid-item qodef-item--full post-9194 portfolio-item type-portfolio-item status-publish has-post-thumbnail hentry portfolio-category-retolacio\">\n\t<div class=\"qodef-e-inner\" >\n\t\t<div class=\"qodef-e-image\">\n\t\t\t\t<div class=\"qodef-e-media-image\">\n\t\t<a itemprop=\"url\" href=\"https:\/\/tonivinils.predev.eu\/es\/portfolio-item\/retolacions\/\">\n\t\t\t<img fetchpriority=\"high\" decoding=\"async\" width=\"1772\" height=\"1329\" src=\"https:\/\/tonivinils.predev.eu\/wp-content\/uploads\/2026\/07\/Retolacio-de-vehicles.jpg\" class=\"attachment-full size-full\" alt=\"\" srcset=\"https:\/\/tonivinils.predev.eu\/wp-content\/uploads\/2026\/07\/Retolacio-de-vehicles.jpg 1772w, https:\/\/tonivinils.predev.eu\/wp-content\/uploads\/2026\/07\/Retolacio-de-vehicles-300x225.jpg 300w, https:\/\/tonivinils.predev.eu\/wp-content\/uploads\/2026\/07\/Retolacio-de-vehicles-1024x768.jpg 1024w, https:\/\/tonivinils.predev.eu\/wp-content\/uploads\/2026\/07\/Retolacio-de-vehicles-768x576.jpg 768w, https:\/\/tonivinils.predev.eu\/wp-content\/uploads\/2026\/07\/Retolacio-de-vehicles-1536x1152.jpg 1536w\" sizes=\"(max-width: 1772px) 100vw, 1772px\" \/>\t\t<\/a>\n\t<\/div>\n\t\t<\/div>\n\t\t<div class=\"qodef-e-content\">\n\t\t\t<div class=\"qodef-e-content-inner\">\n\t\t\t\t<a itemprop=\"url\" href=\"https:\/\/tonivinils.predev.eu\/es\/portfolio-item\/retolacions\/\"><\/a>\n\t\t\t\t<div class=\"qodef-e-info-category\">\n\t\t\t<a itemprop=\"url\" class=\"qodef-e-category\" href=\"https:\/\/tonivinils.predev.eu\/portfolio-category\/retolacio\/\">\n\t\t\tRetolaci\u00f3<\/a><\/div>\n\t\t\t\t<h4 itemprop=\"name\" class=\"qodef-e-title entry-title\" >\n\t<a itemprop=\"url\" class=\"qodef-e-title-link\" href=\"https:\/\/tonivinils.predev.eu\/es\/portfolio-item\/retolacions\/\">\n\t\tRotulaci\u00f3n\t<\/a>\n<\/h4>\t\t\t<\/div>\n\t\t<\/div>\n\t<\/div>\n<\/article><article class=\"qodef-e qodef-grid-item qodef-item--full post-9197 portfolio-item type-portfolio-item status-publish has-post-thumbnail hentry portfolio-category-impressio-digital\">\n\t<div class=\"qodef-e-inner\" >\n\t\t<div class=\"qodef-e-image\">\n\t\t\t\t<div class=\"qodef-e-media-image\">\n\t\t<a itemprop=\"url\" href=\"https:\/\/tonivinils.predev.eu\/es\/portfolio-item\/impressio-digital\/\">\n\t\t\t<img decoding=\"async\" width=\"1536\" height=\"1024\" src=\"https:\/\/tonivinils.predev.eu\/wp-content\/uploads\/2026\/07\/Impressio-digital-per-aparador.png\" class=\"attachment-full size-full\" alt=\"\" srcset=\"https:\/\/tonivinils.predev.eu\/wp-content\/uploads\/2026\/07\/Impressio-digital-per-aparador.png 1536w, https:\/\/tonivinils.predev.eu\/wp-content\/uploads\/2026\/07\/Impressio-digital-per-aparador-300x200.png 300w, https:\/\/tonivinils.predev.eu\/wp-content\/uploads\/2026\/07\/Impressio-digital-per-aparador-1024x683.png 1024w, https:\/\/tonivinils.predev.eu\/wp-content\/uploads\/2026\/07\/Impressio-digital-per-aparador-768x512.png 768w\" sizes=\"(max-width: 1536px) 100vw, 1536px\" \/>\t\t<\/a>\n\t<\/div>\n\t\t<\/div>\n\t\t<div class=\"qodef-e-content\">\n\t\t\t<div class=\"qodef-e-content-inner\">\n\t\t\t\t<a itemprop=\"url\" href=\"https:\/\/tonivinils.predev.eu\/es\/portfolio-item\/impressio-digital\/\"><\/a>\n\t\t\t\t<div class=\"qodef-e-info-category\">\n\t\t\t<a itemprop=\"url\" class=\"qodef-e-category\" href=\"https:\/\/tonivinils.predev.eu\/portfolio-category\/impressio-digital\/\">\n\t\t\tImpressi\u00f3 digital<\/a><\/div>\n\t\t\t\t<h4 itemprop=\"name\" class=\"qodef-e-title entry-title\" >\n\t<a itemprop=\"url\" class=\"qodef-e-title-link\" href=\"https:\/\/tonivinils.predev.eu\/es\/portfolio-item\/impressio-digital\/\">\n\t\tImpresi\u00f3n digital\t<\/a>\n<\/h4>\t\t\t<\/div>\n\t\t<\/div>\n\t<\/div>\n<\/article><article class=\"qodef-e qodef-grid-item qodef-item--full post-9198 portfolio-item type-portfolio-item status-publish has-post-thumbnail hentry portfolio-category-lletres-corpories-i-retols-especials\">\n\t<div class=\"qodef-e-inner\" >\n\t\t<div class=\"qodef-e-image\">\n\t\t\t\t<div class=\"qodef-e-media-image\">\n\t\t<a itemprop=\"url\" href=\"https:\/\/tonivinils.predev.eu\/es\/portfolio-item\/lletres-corpories-i-retols-especials\/\">\n\t\t\t<img decoding=\"async\" width=\"612\" height=\"408\" src=\"https:\/\/tonivinils.predev.eu\/wp-content\/uploads\/2026\/07\/Lletres-corpories-sense-il.luminacio.webp\" class=\"attachment-full size-full\" alt=\"\" srcset=\"https:\/\/tonivinils.predev.eu\/wp-content\/uploads\/2026\/07\/Lletres-corpories-sense-il.luminacio.webp 612w, https:\/\/tonivinils.predev.eu\/wp-content\/uploads\/2026\/07\/Lletres-corpories-sense-il.luminacio-300x200.webp 300w\" sizes=\"(max-width: 612px) 100vw, 612px\" \/>\t\t<\/a>\n\t<\/div>\n\t\t<\/div>\n\t\t<div class=\"qodef-e-content\">\n\t\t\t<div class=\"qodef-e-content-inner\">\n\t\t\t\t<a itemprop=\"url\" href=\"https:\/\/tonivinils.predev.eu\/es\/portfolio-item\/lletres-corpories-i-retols-especials\/\"><\/a>\n\t\t\t\t<div class=\"qodef-e-info-category\">\n\t\t\t<a itemprop=\"url\" class=\"qodef-e-category\" href=\"https:\/\/tonivinils.predev.eu\/portfolio-category\/lletres-corpories-i-retols-especials\/\">\n\t\t\tLletres corp\u00f2ries i r\u00e8tols especials<\/a><\/div>\n\t\t\t\t<h4 itemprop=\"name\" class=\"qodef-e-title entry-title\" >\n\t<a itemprop=\"url\" class=\"qodef-e-title-link\" href=\"https:\/\/tonivinils.predev.eu\/es\/portfolio-item\/lletres-corpories-i-retols-especials\/\">\n\t\tLetras corp\u00f3reas y r\u00f3tulos especiales\t<\/a>\n<\/h4>\t\t\t<\/div>\n\t\t<\/div>\n\t<\/div>\n<\/article><article class=\"qodef-e qodef-grid-item qodef-item--full post-9199 portfolio-item type-portfolio-item status-publish has-post-thumbnail hentry portfolio-category-decoracio-i-personalitzacio-despais\">\n\t<div class=\"qodef-e-inner\" >\n\t\t<div class=\"qodef-e-image\">\n\t\t\t\t<div class=\"qodef-e-media-image\">\n\t\t<a itemprop=\"url\" href=\"https:\/\/tonivinils.predev.eu\/es\/portfolio-item\/decoracio-i-personalitzacio-despais\/\">\n\t\t\t<img loading=\"lazy\" decoding=\"async\" width=\"2362\" height=\"1772\" src=\"https:\/\/tonivinils.predev.eu\/wp-content\/uploads\/2026\/07\/Lletres-amb-relleu-1.jpg\" class=\"attachment-full size-full\" alt=\"\" srcset=\"https:\/\/tonivinils.predev.eu\/wp-content\/uploads\/2026\/07\/Lletres-amb-relleu-1.jpg 2362w, https:\/\/tonivinils.predev.eu\/wp-content\/uploads\/2026\/07\/Lletres-amb-relleu-1-300x225.jpg 300w, https:\/\/tonivinils.predev.eu\/wp-content\/uploads\/2026\/07\/Lletres-amb-relleu-1-1024x768.jpg 1024w, https:\/\/tonivinils.predev.eu\/wp-content\/uploads\/2026\/07\/Lletres-amb-relleu-1-768x576.jpg 768w, https:\/\/tonivinils.predev.eu\/wp-content\/uploads\/2026\/07\/Lletres-amb-relleu-1-1536x1152.jpg 1536w, https:\/\/tonivinils.predev.eu\/wp-content\/uploads\/2026\/07\/Lletres-amb-relleu-1-2048x1536.jpg 2048w\" sizes=\"(max-width: 2362px) 100vw, 2362px\" \/>\t\t<\/a>\n\t<\/div>\n\t\t<\/div>\n\t\t<div class=\"qodef-e-content\">\n\t\t\t<div class=\"qodef-e-content-inner\">\n\t\t\t\t<a itemprop=\"url\" href=\"https:\/\/tonivinils.predev.eu\/es\/portfolio-item\/decoracio-i-personalitzacio-despais\/\"><\/a>\n\t\t\t\t<div class=\"qodef-e-info-category\">\n\t\t\t<a itemprop=\"url\" class=\"qodef-e-category\" href=\"https:\/\/tonivinils.predev.eu\/portfolio-category\/decoracio-i-personalitzacio-despais\/\">\n\t\t\tDecoraci\u00f3 i personalitzaci\u00f3 d\u2019espais<\/a><\/div>\n\t\t\t\t<h4 itemprop=\"name\" class=\"qodef-e-title entry-title\" >\n\t<a itemprop=\"url\" class=\"qodef-e-title-link\" href=\"https:\/\/tonivinils.predev.eu\/es\/portfolio-item\/decoracio-i-personalitzacio-despais\/\">\n\t\tDecoraci\u00f3n y personalizaci\u00f3n de espacios\t<\/a>\n<\/h4>\t\t\t<\/div>\n\t\t<\/div>\n\t<\/div>\n<\/article><article class=\"qodef-e qodef-grid-item qodef-item--full post-9200 portfolio-item type-portfolio-item status-publish has-post-thumbnail hentry portfolio-category-lamines-solars-i-de-seguretat\">\n\t<div class=\"qodef-e-inner\" >\n\t\t<div class=\"qodef-e-image\">\n\t\t\t\t<div class=\"qodef-e-media-image\">\n\t\t<a itemprop=\"url\" href=\"https:\/\/tonivinils.predev.eu\/es\/portfolio-item\/lamines-solars-i-de-seguretat\/\">\n\t\t\t<img loading=\"lazy\" decoding=\"async\" width=\"538\" height=\"733\" src=\"https:\/\/tonivinils.predev.eu\/wp-content\/uploads\/2026\/07\/Solucions-a-mida.png\" class=\"attachment-full size-full\" alt=\"\" srcset=\"https:\/\/tonivinils.predev.eu\/wp-content\/uploads\/2026\/07\/Solucions-a-mida.png 538w, https:\/\/tonivinils.predev.eu\/wp-content\/uploads\/2026\/07\/Solucions-a-mida-220x300.png 220w\" sizes=\"(max-width: 538px) 100vw, 538px\" \/>\t\t<\/a>\n\t<\/div>\n\t\t<\/div>\n\t\t<div class=\"qodef-e-content\">\n\t\t\t<div class=\"qodef-e-content-inner\">\n\t\t\t\t<a itemprop=\"url\" href=\"https:\/\/tonivinils.predev.eu\/es\/portfolio-item\/lamines-solars-i-de-seguretat\/\"><\/a>\n\t\t\t\t<div class=\"qodef-e-info-category\">\n\t\t\t<a itemprop=\"url\" class=\"qodef-e-category\" href=\"https:\/\/tonivinils.predev.eu\/portfolio-category\/lamines-solars-i-de-seguretat\/\">\n\t\t\tL\u00e0mines solars i de seguretat<\/a><\/div>\n\t\t\t\t<h4 itemprop=\"name\" class=\"qodef-e-title entry-title\" >\n\t<a itemprop=\"url\" class=\"qodef-e-title-link\" href=\"https:\/\/tonivinils.predev.eu\/es\/portfolio-item\/lamines-solars-i-de-seguretat\/\">\n\t\tL\u00e1minas solares y de seguridad\t<\/a>\n<\/h4>\t\t\t<\/div>\n\t\t<\/div>\n\t<\/div>\n<\/article><article class=\"qodef-e qodef-grid-item qodef-item--full post-9201 portfolio-item type-portfolio-item status-publish has-post-thumbnail hentry portfolio-category-tall-materials-i-acabats\">\n\t<div class=\"qodef-e-inner\" >\n\t\t<div class=\"qodef-e-image\">\n\t\t\t\t<div class=\"qodef-e-media-image\">\n\t\t<a itemprop=\"url\" href=\"https:\/\/tonivinils.predev.eu\/es\/portfolio-item\/tall-materials-i-acabats\/\">\n\t\t\t<img loading=\"lazy\" decoding=\"async\" width=\"1920\" height=\"2560\" src=\"https:\/\/tonivinils.predev.eu\/wp-content\/uploads\/2026\/07\/Senyalitzacio-amb-DM-scaled.jpg\" class=\"attachment-full size-full\" alt=\"\" srcset=\"https:\/\/tonivinils.predev.eu\/wp-content\/uploads\/2026\/07\/Senyalitzacio-amb-DM-scaled.jpg 1920w, https:\/\/tonivinils.predev.eu\/wp-content\/uploads\/2026\/07\/Senyalitzacio-amb-DM-225x300.jpg 225w, https:\/\/tonivinils.predev.eu\/wp-content\/uploads\/2026\/07\/Senyalitzacio-amb-DM-768x1024.jpg 768w, https:\/\/tonivinils.predev.eu\/wp-content\/uploads\/2026\/07\/Senyalitzacio-amb-DM-1152x1536.jpg 1152w, https:\/\/tonivinils.predev.eu\/wp-content\/uploads\/2026\/07\/Senyalitzacio-amb-DM-1536x2048.jpg 1536w\" sizes=\"(max-width: 1920px) 100vw, 1920px\" \/>\t\t<\/a>\n\t<\/div>\n\t\t<\/div>\n\t\t<div class=\"qodef-e-content\">\n\t\t\t<div class=\"qodef-e-content-inner\">\n\t\t\t\t<a itemprop=\"url\" href=\"https:\/\/tonivinils.predev.eu\/es\/portfolio-item\/tall-materials-i-acabats\/\"><\/a>\n\t\t\t\t<div class=\"qodef-e-info-category\">\n\t\t\t<a itemprop=\"url\" class=\"qodef-e-category\" href=\"https:\/\/tonivinils.predev.eu\/portfolio-category\/tall-materials-i-acabats\/\">\n\t\t\tTall, materials i acabats<\/a><\/div>\n\t\t\t\t<h4 itemprop=\"name\" class=\"qodef-e-title entry-title\" >\n\t<a itemprop=\"url\" class=\"qodef-e-title-link\" href=\"https:\/\/tonivinils.predev.eu\/es\/portfolio-item\/tall-materials-i-acabats\/\">\n\t\tCorte, materiales y acabados\t<\/a>\n<\/h4>\t\t\t<\/div>\n\t\t<\/div>\n\t<\/div>\n<\/article><article class=\"qodef-e qodef-grid-item qodef-item--full post-9202 portfolio-item type-portfolio-item status-publish has-post-thumbnail hentry portfolio-category-disseny-i-assessorament\">\n\t<div class=\"qodef-e-inner\" >\n\t\t<div class=\"qodef-e-image\">\n\t\t\t\t<div class=\"qodef-e-media-image\">\n\t\t<a itemprop=\"url\" href=\"https:\/\/tonivinils.predev.eu\/es\/portfolio-item\/disseny-i-assessorament\/\">\n\t\t\t<img loading=\"lazy\" decoding=\"async\" width=\"546\" height=\"483\" src=\"https:\/\/tonivinils.predev.eu\/wp-content\/uploads\/2026\/07\/Disseny-personalitzat.png\" class=\"attachment-full size-full\" alt=\"\" srcset=\"https:\/\/tonivinils.predev.eu\/wp-content\/uploads\/2026\/07\/Disseny-personalitzat.png 546w, https:\/\/tonivinils.predev.eu\/wp-content\/uploads\/2026\/07\/Disseny-personalitzat-300x265.png 300w\" sizes=\"(max-width: 546px) 100vw, 546px\" \/>\t\t<\/a>\n\t<\/div>\n\t\t<\/div>\n\t\t<div class=\"qodef-e-content\">\n\t\t\t<div class=\"qodef-e-content-inner\">\n\t\t\t\t<a itemprop=\"url\" href=\"https:\/\/tonivinils.predev.eu\/es\/portfolio-item\/disseny-i-assessorament\/\"><\/a>\n\t\t\t\t<div class=\"qodef-e-info-category\">\n\t\t\t<a itemprop=\"url\" class=\"qodef-e-category\" href=\"https:\/\/tonivinils.predev.eu\/portfolio-category\/disseny-i-assessorament\/\">\n\t\t\tDisseny i assessorament<\/a><\/div>\n\t\t\t\t<h4 itemprop=\"name\" class=\"qodef-e-title entry-title\" >\n\t<a itemprop=\"url\" class=\"qodef-e-title-link\" href=\"https:\/\/tonivinils.predev.eu\/es\/portfolio-item\/disseny-i-assessorament\/\">\n\t\tDise\u00f1o y asesoramiento\t<\/a>\n<\/h4>\t\t\t<\/div>\n\t\t<\/div>\n\t<\/div>\n<\/article><article class=\"qodef-e qodef-grid-item qodef-item--full post-9203 portfolio-item type-portfolio-item status-publish has-post-thumbnail hentry portfolio-category-serveis-empresarials-b2b\">\n\t<div class=\"qodef-e-inner\" >\n\t\t<div class=\"qodef-e-image\">\n\t\t\t\t<div class=\"qodef-e-media-image\">\n\t\t<a itemprop=\"url\" href=\"https:\/\/tonivinils.predev.eu\/es\/portfolio-item\/serveis-empresarials-b2b\/\">\n\t\t\t<img loading=\"lazy\" decoding=\"async\" width=\"567\" height=\"328\" src=\"https:\/\/tonivinils.predev.eu\/wp-content\/uploads\/2026\/07\/Backlites-per-moodboards.png\" class=\"attachment-full size-full\" alt=\"\" srcset=\"https:\/\/tonivinils.predev.eu\/wp-content\/uploads\/2026\/07\/Backlites-per-moodboards.png 567w, https:\/\/tonivinils.predev.eu\/wp-content\/uploads\/2026\/07\/Backlites-per-moodboards-300x174.png 300w\" sizes=\"(max-width: 567px) 100vw, 567px\" \/>\t\t<\/a>\n\t<\/div>\n\t\t<\/div>\n\t\t<div class=\"qodef-e-content\">\n\t\t\t<div class=\"qodef-e-content-inner\">\n\t\t\t\t<a itemprop=\"url\" href=\"https:\/\/tonivinils.predev.eu\/es\/portfolio-item\/serveis-empresarials-b2b\/\"><\/a>\n\t\t\t\t<div class=\"qodef-e-info-category\">\n\t\t\t<a itemprop=\"url\" class=\"qodef-e-category\" href=\"https:\/\/tonivinils.predev.eu\/portfolio-category\/serveis-empresarials-b2b\/\">\n\t\t\tServeis empresarials (B2B)<\/a><\/div>\n\t\t\t\t<h4 itemprop=\"name\" class=\"qodef-e-title entry-title\" >\n\t<a itemprop=\"url\" class=\"qodef-e-title-link\" href=\"https:\/\/tonivinils.predev.eu\/es\/portfolio-item\/serveis-empresarials-b2b\/\">\n\t\tServicios empresariales (B2B)\t<\/a>\n<\/h4>\t\t\t<\/div>\n\t\t<\/div>\n\t<\/div>\n<\/article>\t<\/div>\n\t<\/div>\t\t\t\t<\/div>\n\t\t\t\t<\/div>\n\t\t\t\t\t<\/div>\n\t\t<\/div>\n\t\t\t\t\t<\/div>\n\t\t<\/section>\n\t\t\t\t<\/div>\n\t\t","protected":false},"excerpt":{"rendered":"<p>Rotulaci\u00f3n Rotulaci\u00f3n Impresi\u00f3n digital Impresi\u00f3n digital Letras corp\u00f3reas y r\u00f3tulos especiales Letras corp\u00f3reas y r\u00f3tulos especiales Decoraci\u00f3n y personalizaci\u00f3n de espacios Decoraci\u00f3n y personalizaci\u00f3n de espacios L\u00e1minas solares y de seguridad L\u00e1minas solares y de seguridad Corte, materiales y acabados Corte, materiales y acabados Dise\u00f1o y asesoramiento Dise\u00f1o y asesoramiento Servicios empresariales (B2B) Servicios empresariales [&hellip;]<\/p>\n","protected":false},"author":1,"featured_media":0,"parent":0,"menu_order":0,"comment_status":"closed","ping_status":"closed","template":"page-full-width.php","meta":{"footnotes":""},"class_list":["post-9183","page","type-page","status-publish","hentry"],"_links":{"self":[{"href":"https:\/\/tonivinils.predev.eu\/es\/wp-json\/wp\/v2\/pages\/9183","targetHints":{"allow":["GET"]}}],"collection":[{"href":"https:\/\/tonivinils.predev.eu\/es\/wp-json\/wp\/v2\/pages"}],"about":[{"href":"https:\/\/tonivinils.predev.eu\/es\/wp-json\/wp\/v2\/types\/page"}],"author":[{"embeddable":true,"href":"https:\/\/tonivinils.predev.eu\/es\/wp-json\/wp\/v2\/users\/1"}],"replies":[{"embeddable":true,"href":"https:\/\/tonivinils.predev.eu\/es\/wp-json\/wp\/v2\/comments?post=9183"}],"version-history":[{"count":0,"href":"https:\/\/tonivinils.predev.eu\/es\/wp-json\/wp\/v2\/pages\/9183\/revisions"}],"wp:attachment":[{"href":"https:\/\/tonivinils.predev.eu\/es\/wp-json\/wp\/v2\/media?parent=9183"}],"curies":[{"name":"wp","href":"https:\/\/api.w.org\/{rel}","templated":true}]}}